{"id":4177,"date":"2022-09-26T15:52:05","date_gmt":"2022-09-26T13:52:05","guid":{"rendered":"https:\/\/www.combell.com\/fr\/help\/?post_type=ht_kb&#038;p=4177"},"modified":"2023-01-03T14:28:19","modified_gmt":"2023-01-03T13:28:19","slug":"comment-modifier-le-pied-de-page","status":"publish","type":"ht_kb","link":"https:\/\/www.combell.com\/fr\/help\/kb\/comment-modifier-le-pied-de-page\/","title":{"rendered":"Comment modifier le pied de page"},"content":{"rendered":"\n<ol><li>Cliquez sur la zone de pied de page en bas de la page.<br><img decoding=\"async\" class=\"wp-image-22071\" style=\"width: 750px;\" src=\"https:\/\/www.combell.com\/fr\/help\/wp-content\/uploads\/1-6.png\" alt=\"\"><br>Vous pouvez \u00e9craser le texte original imm\u00e9diatement et utiliser les ic\u00f4nes pour changer sa mise en page. <\/li><li>Cliquez sur l&rsquo;engrenage \u00e0 droite pour d\u00e9finir les propri\u00e9t\u00e9s du pied. Ici, vous pouvez choisir si vous voulez ajuster le type de pied de page, l&rsquo;arri\u00e8re-plan de la section ou s\u00e9lectionner l&rsquo;un des param\u00e8tres avanc\u00e9s.<br><img decoding=\"async\" class=\"wp-image-22072\" style=\"width: 750px;\" src=\"https:\/\/www.combell.com\/fr\/help\/wp-content\/uploads\/2-5.png\" alt=\"\"><\/li><\/ol>\n\n\n\n<p><strong>Type de pied de page<\/strong><\/p>\n\n\n\n<p><strong>Centr\u00e9<\/strong><\/p>\n\n\n\n<p>Nous utilisons ce type de pied de page dans la plupart de nos mod\u00e8les. Il comporte deux zones de texte au milieu.<br><img decoding=\"async\" class=\"wp-image-22075\" style=\"width: 750px;\" src=\"https:\/\/www.combell.com\/fr\/help\/wp-content\/uploads\/3-3.png\" alt=\"\"><\/p>\n\n\n\n<p><strong>Texte de c\u00f4t\u00e9s<\/strong><\/p>\n\n\n\n<p>Ce type comporte deux zones de texte &#8211; une \u00e0 gauche et l&rsquo;autre \u00e0 droite.<br><img decoding=\"async\" class=\"wp-image-22076\" style=\"width: 750px;\" src=\"https:\/\/www.combell.com\/fr\/help\/wp-content\/uploads\/4-1.png\" alt=\"\"><\/p>\n\n\n\n<p><strong>Avec contenu<\/strong><\/p>\n\n\n\n<p>Ce pied de page est g\u00e9n\u00e9ralement utilis\u00e9 dans les mod\u00e8les de boutique en ligne. Vous pouvez y ins\u00e9rer tout type de contenu, par exemple un formulaire de newsletter provenant d&rsquo;un autre menu.<br><img decoding=\"async\" class=\"wp-image-22078\" style=\"width: 750px;\" src=\"https:\/\/www.combell.com\/fr\/help\/wp-content\/uploads\/5-1.png\" alt=\"\"><\/p>\n\n\n\n<p><strong>Avec plan<\/strong><\/p>\n\n\n\n<p>Un plan g\u00e9ographique est inclus dans ce type de pied de page. Par d\u00e9faut, vous pouvez d\u00e9finir l&rsquo;adresse de la carte et modifier le contenu ins\u00e9r\u00e9. L&rsquo;apparence diff\u00e8re selon le style de mise en page s\u00e9lectionn\u00e9.<br><img decoding=\"async\" class=\"wp-image-22079\" style=\"width: 750px;\" src=\"https:\/\/www.combell.com\/fr\/help\/wp-content\/uploads\/6-map.png\" alt=\"\"><\/p>\n\n\n\n<p><strong>Fond de section<\/strong><\/p>\n\n\n\n<p>Vous pouvez s\u00e9lectionner ici l&rsquo;un des arri\u00e8re-plans propos\u00e9s ou t\u00e9l\u00e9charger votre propre photo en cliquant sur le signe plus.<br><img decoding=\"async\" class=\"wp-image-22080\" style=\"width: 750px;\" src=\"https:\/\/www.combell.com\/fr\/help\/wp-content\/uploads\/7-1.png\" alt=\"\"><\/p>\n\n\n\n<p>Si vous d\u00e9finissez un arri\u00e8re-plan autre que monochrome, vous pourrez \u00e9galement d\u00e9finir des effets de fond, tels qu&rsquo;une superposition de couleurs ou une animation.<br><img decoding=\"async\" class=\"wp-image-22081\" style=\"width: 750px;\" src=\"https:\/\/www.combell.com\/fr\/help\/wp-content\/uploads\/8.png\" alt=\"\"><\/p>\n\n\n\n<p><strong>Param\u00e8tres avanc\u00e9s<\/strong><\/p>\n\n\n\n<p>Dans les param\u00e8tres avanc\u00e9s du pied de page, vous pouvez modifier la largeur du contenu, comme les formulaires ou les blocs de texte. Cette modification n&rsquo;affecte que les types de pied de page Avec contenu et Avec plan.<br><img decoding=\"async\" class=\"wp-image-22082\" style=\"width: 750px;\" src=\"https:\/\/www.combell.com\/fr\/help\/wp-content\/uploads\/9.png\" alt=\"\"><\/p>\n","protected":false},"excerpt":{"rendered":"<p>Cliquez sur la zone de pied de page en bas de la page.Vous pouvez \u00e9craser le texte original imm\u00e9diatement et utiliser les ic\u00f4nes pour changer sa mise en page. Cliquez sur l&rsquo;engrenage \u00e0 droite pour d\u00e9finir les propri\u00e9t\u00e9s du pied. Ici, vous pouvez choisir si vous voulez ajuster le type&#8230;<\/p>\n","protected":false},"author":1,"comment_status":"closed","ping_status":"closed","template":"","format":"standard","meta":{"footnotes":""},"ht-kb-category":[220,243],"ht-kb-tag":[],"acf":[],"_links":{"self":[{"href":"https:\/\/www.combell.com\/fr\/help\/wp-json\/wp\/v2\/ht-kb\/4177"}],"collection":[{"href":"https:\/\/www.combell.com\/fr\/help\/wp-json\/wp\/v2\/ht-kb"}],"about":[{"href":"https:\/\/www.combell.com\/fr\/help\/wp-json\/wp\/v2\/types\/ht_kb"}],"author":[{"embeddable":true,"href":"https:\/\/www.combell.com\/fr\/help\/wp-json\/wp\/v2\/users\/1"}],"replies":[{"embeddable":true,"href":"https:\/\/www.combell.com\/fr\/help\/wp-json\/wp\/v2\/comments?post=4177"}],"version-history":[{"count":2,"href":"https:\/\/www.combell.com\/fr\/help\/wp-json\/wp\/v2\/ht-kb\/4177\/revisions"}],"predecessor-version":[{"id":4264,"href":"https:\/\/www.combell.com\/fr\/help\/wp-json\/wp\/v2\/ht-kb\/4177\/revisions\/4264"}],"wp:attachment":[{"href":"https:\/\/www.combell.com\/fr\/help\/wp-json\/wp\/v2\/media?parent=4177"}],"wp:term":[{"taxonomy":"ht_kb_category","embeddable":true,"href":"https:\/\/www.combell.com\/fr\/help\/wp-json\/wp\/v2\/ht-kb-category?post=4177"},{"taxonomy":"ht_kb_tag","embeddable":true,"href":"https:\/\/www.combell.com\/fr\/help\/wp-json\/wp\/v2\/ht-kb-tag?post=4177"}],"curies":[{"name":"wp","href":"https:\/\/api.w.org\/{rel}","templated":true}]}}